{"id":33249,"date":"2025-08-23T11:24:33","date_gmt":"2025-08-23T09:24:33","guid":{"rendered":"https:\/\/www.casarredo.it\/?post_type=product&#038;p=33249"},"modified":"2026-01-09T12:20:31","modified_gmt":"2026-01-09T11:20:31","slug":"300-sedia-joe-colombo","status":"publish","type":"product","link":"https:\/\/www.casarredo.it\/en\/prodotto\/300-sedia-joe-colombo\/","title":{"rendered":"300 SEDIA JOE COLOMBO"},"content":{"rendered":"<h1>300 SEDIA JOE COLOMBO<\/h1>\n<p>300 sedia disegnata da Joe Colombo per Pozzi, , faggio tinto noce , Italia, 1966.\u00a0 Il fascino di Colombo per la funzionalit\u00e0 lo ha portato a concentrarsi sempre sull&#8217;utente, ci\u00f2 ha reso possibile la creazione di questa particolare sedia. Il design \u00e8 robusto, comodo e caratteristico. La modesta cornice con le doppie doghe orizzontali \u00e8 un bellissimo dettaglio. L&#8217;abbinamento tra la stoffa e la struttura in legno conferisce alla sedia un fascino forte e deciso.<\/p>\n<p>Sedia vintage, un solo pezzo disponibile.<\/p>\n<table class=\"properties\">\n<tbody>\n<tr class=\"width\">\n<th scope=\"row\">Larghezza<\/th>\n<td>48 cm<\/td>\n<\/tr>\n<tr class=\"depth\">\n<th scope=\"row\">Profondit\u00e0<\/th>\n<td>50 cm<\/td>\n<\/tr>\n<tr>\n<th scope=\"row\">Altezza<\/th>\n<td>78 cm<\/td>\n<\/tr>\n<tr>\n<th scope=\"row\">Altezza della seduta<\/th>\n<td>44 cm<\/td>\n<\/tr>\n<\/tbody>\n<\/table>\n","protected":false},"excerpt":{"rendered":"<h1>300 SEDIA JOE COLOMBO<\/h1>\n<p>300 sedia disegnata da Joe Colombo per Pozzi, , faggio tinto noce , Italia, 1966. Sedia da pranzo aerodinamica . Il fascino di Colombo per la funzionalit\u00e0 lo ha portato a concentrarsi sempre sull&#8217;utente, ci\u00f2 ha reso possibile la creazione di questa particolare sedia. Il design \u00e8 robusto, comodo e caratteristico. La modesta cornice con le doppie doghe orizzontali \u00e8 un bellissimo dettaglio. L&#8217;abbinamento tra la stoffa e la struttura in legno conferisce alla sedia un fascino forte e deciso.<\/p>\n","protected":false},"featured_media":33254,"template":"","meta":[],"product_brand":[],"product_cat":[1000,639],"product_tag":[3844,1102,3845,783,2594],"class_list":{"0":"post-33249","1":"product","2":"type-product","3":"status-publish","4":"has-post-thumbnail","6":"product_cat-da-non-perdere","7":"product_cat-sedie","8":"product_tag-3844","9":"product_tag-joe-colombo","10":"product_tag-pozzi","11":"product_tag-sedia","12":"product_tag-vintage","13":"product_shipping_class-standard","15":"first","16":"instock","17":"shipping-taxable","18":"purchasable","19":"product-type-simple","20":"add-to-wishlist-after_add_to_cart"},"yoast_head":"<!-- This site is optimized with the Yoast SEO plugin v27.5 - https:\/\/yoast.com\/product\/yoast-seo-wordpress\/ -->\n<title>300 SEDIA JOE COLOMBO &#8212; Casarredo.it<\/title>\n<meta name=\"description\" content=\"300 sedia disegnata da Joe Colombo per Pozzi, , faggio tinto noce , Italia, 1966. Sedia da pranzo aerodinamica . Il fascino di Colombo per la funzionalit\u00e0 lo ha portato a concentrarsi sempre sull&#039;utente, ci\u00f2 ha reso possibile la creazione di questa particolare sedia. Il design \u00e8 robusto, comodo e caratteristico.\" \/>\n<meta name=\"robots\" content=\"index, follow, max-snippet:-1, max-image-preview:large, max-video-preview:-1\" \/>\n<link rel=\"canonical\" href=\"https:\/\/www.casarredo.it\/en\/prodotto\/300-sedia-joe-colombo\/\" \/>\n<meta property=\"og:locale\" content=\"en_US\" \/>\n<meta property=\"og:type\" content=\"article\" \/>\n<meta property=\"og:title\" content=\"300 SEDIA JOE COLOMBO &#8212; Casarredo.it\" \/>\n<meta property=\"og:description\" content=\"300 sedia disegnata da Joe Colombo per Pozzi, , faggio tinto noce , Italia, 1966. Sedia da pranzo aerodinamica . Il fascino di Colombo per la funzionalit\u00e0 lo ha portato a concentrarsi sempre sull&#039;utente, ci\u00f2 ha reso possibile la creazione di questa particolare sedia. Il design \u00e8 robusto, comodo e caratteristico.\" \/>\n<meta property=\"og:url\" content=\"https:\/\/www.casarredo.it\/en\/prodotto\/300-sedia-joe-colombo\/\" \/>\n<meta property=\"og:site_name\" content=\"Casarredo.it\" \/>\n<meta property=\"article:publisher\" content=\"https:\/\/www.facebook.com\/Casarredo-632870513490892\" \/>\n<meta property=\"article:modified_time\" content=\"2026-01-09T11:20:31+00:00\" \/>\n<meta property=\"og:image\" content=\"https:\/\/www.casarredo.it\/wp-content\/uploads\/2025\/08\/300.1.jpg\" \/>\n\t<meta property=\"og:image:width\" content=\"1284\" \/>\n\t<meta property=\"og:image:height\" content=\"999\" \/>\n\t<meta property=\"og:image:type\" content=\"image\/jpeg\" \/>\n<meta name=\"twitter:card\" content=\"summary_large_image\" \/>\n<meta name=\"twitter:label1\" content=\"Est. reading time\" \/>\n\t<meta name=\"twitter:data1\" content=\"1 minute\" \/>\n<script type=\"application\/ld+json\" class=\"yoast-schema-graph\">{\"@context\":\"https:\\\/\\\/schema.org\",\"@graph\":[{\"@type\":\"WebPage\",\"@id\":\"https:\\\/\\\/www.casarredo.it\\\/en\\\/prodotto\\\/300-sedia-joe-colombo\\\/\",\"url\":\"https:\\\/\\\/www.casarredo.it\\\/en\\\/prodotto\\\/300-sedia-joe-colombo\\\/\",\"name\":\"300 SEDIA JOE COLOMBO &#8212; Casarredo.it\",\"isPartOf\":{\"@id\":\"https:\\\/\\\/www.casarredo.it\\\/en\\\/#website\"},\"primaryImageOfPage\":{\"@id\":\"https:\\\/\\\/www.casarredo.it\\\/en\\\/prodotto\\\/300-sedia-joe-colombo\\\/#primaryimage\"},\"image\":{\"@id\":\"https:\\\/\\\/www.casarredo.it\\\/en\\\/prodotto\\\/300-sedia-joe-colombo\\\/#primaryimage\"},\"thumbnailUrl\":\"https:\\\/\\\/www.casarredo.it\\\/wp-content\\\/uploads\\\/2025\\\/08\\\/300.1.jpg\",\"datePublished\":\"2025-08-23T09:24:33+00:00\",\"dateModified\":\"2026-01-09T11:20:31+00:00\",\"description\":\"300 sedia disegnata da Joe Colombo per Pozzi, , faggio tinto noce , Italia, 1966. Sedia da pranzo aerodinamica . Il fascino di Colombo per la funzionalit\u00e0 lo ha portato a concentrarsi sempre sull'utente, ci\u00f2 ha reso possibile la creazione di questa particolare sedia. Il design \u00e8 robusto, comodo e caratteristico.\",\"breadcrumb\":{\"@id\":\"https:\\\/\\\/www.casarredo.it\\\/en\\\/prodotto\\\/300-sedia-joe-colombo\\\/#breadcrumb\"},\"inLanguage\":\"en-US\",\"potentialAction\":[{\"@type\":\"ReadAction\",\"target\":[\"https:\\\/\\\/www.casarredo.it\\\/en\\\/prodotto\\\/300-sedia-joe-colombo\\\/\"]}]},{\"@type\":\"ImageObject\",\"inLanguage\":\"en-US\",\"@id\":\"https:\\\/\\\/www.casarredo.it\\\/en\\\/prodotto\\\/300-sedia-joe-colombo\\\/#primaryimage\",\"url\":\"https:\\\/\\\/www.casarredo.it\\\/wp-content\\\/uploads\\\/2025\\\/08\\\/300.1.jpg\",\"contentUrl\":\"https:\\\/\\\/www.casarredo.it\\\/wp-content\\\/uploads\\\/2025\\\/08\\\/300.1.jpg\",\"width\":1284,\"height\":999},{\"@type\":\"BreadcrumbList\",\"@id\":\"https:\\\/\\\/www.casarredo.it\\\/en\\\/prodotto\\\/300-sedia-joe-colombo\\\/#breadcrumb\",\"itemListElement\":[{\"@type\":\"ListItem\",\"position\":1,\"name\":\"Home\",\"item\":\"https:\\\/\\\/www.casarredo.it\\\/en\\\/\"},{\"@type\":\"ListItem\",\"position\":2,\"name\":\"Shop online\",\"item\":\"https:\\\/\\\/www.casarredo.it\\\/en\\\/shop\\\/\"},{\"@type\":\"ListItem\",\"position\":3,\"name\":\"300 SEDIA JOE COLOMBO\"}]},{\"@type\":\"WebSite\",\"@id\":\"https:\\\/\\\/www.casarredo.it\\\/en\\\/#website\",\"url\":\"https:\\\/\\\/www.casarredo.it\\\/en\\\/\",\"name\":\"Casarredo.it\",\"description\":\"Design da vivere\",\"publisher\":{\"@id\":\"https:\\\/\\\/www.casarredo.it\\\/en\\\/#organization\"},\"potentialAction\":[{\"@type\":\"SearchAction\",\"target\":{\"@type\":\"EntryPoint\",\"urlTemplate\":\"https:\\\/\\\/www.casarredo.it\\\/en\\\/?s={search_term_string}\"},\"query-input\":{\"@type\":\"PropertyValueSpecification\",\"valueRequired\":true,\"valueName\":\"search_term_string\"}}],\"inLanguage\":\"en-US\"},{\"@type\":\"Organization\",\"@id\":\"https:\\\/\\\/www.casarredo.it\\\/en\\\/#organization\",\"name\":\"casarredo srl\",\"url\":\"https:\\\/\\\/www.casarredo.it\\\/en\\\/\",\"logo\":{\"@type\":\"ImageObject\",\"inLanguage\":\"en-US\",\"@id\":\"https:\\\/\\\/www.casarredo.it\\\/en\\\/#\\\/schema\\\/logo\\\/image\\\/\",\"url\":\"https:\\\/\\\/www.casarredo.it\\\/wp-content\\\/uploads\\\/2018\\\/05\\\/vanity-scaled.jpg\",\"contentUrl\":\"https:\\\/\\\/www.casarredo.it\\\/wp-content\\\/uploads\\\/2018\\\/05\\\/vanity-scaled.jpg\",\"width\":2560,\"height\":1848,\"caption\":\"casarredo srl\"},\"image\":{\"@id\":\"https:\\\/\\\/www.casarredo.it\\\/en\\\/#\\\/schema\\\/logo\\\/image\\\/\"},\"sameAs\":[\"https:\\\/\\\/www.facebook.com\\\/Casarredo-632870513490892\",\"https:\\\/\\\/www.instagram.com\\\/casarredo_fano\\\/\"]}]}<\/script>\n<!-- \/ Yoast SEO plugin. -->","yoast_head_json":{"title":"300 SEDIA JOE COLOMBO &#8212; Casarredo.it","description":"300 sedia disegnata da Joe Colombo per Pozzi, , faggio tinto noce , Italia, 1966. Sedia da pranzo aerodinamica . Il fascino di Colombo per la funzionalit\u00e0 lo ha portato a concentrarsi sempre sull'utente, ci\u00f2 ha reso possibile la creazione di questa particolare sedia. Il design \u00e8 robusto, comodo e caratteristico.","robots":{"index":"index","follow":"follow","max-snippet":"max-snippet:-1","max-image-preview":"max-image-preview:large","max-video-preview":"max-video-preview:-1"},"canonical":"https:\/\/www.casarredo.it\/en\/prodotto\/300-sedia-joe-colombo\/","og_locale":"en_US","og_type":"article","og_title":"300 SEDIA JOE COLOMBO &#8212; Casarredo.it","og_description":"300 sedia disegnata da Joe Colombo per Pozzi, , faggio tinto noce , Italia, 1966. Sedia da pranzo aerodinamica . Il fascino di Colombo per la funzionalit\u00e0 lo ha portato a concentrarsi sempre sull'utente, ci\u00f2 ha reso possibile la creazione di questa particolare sedia. Il design \u00e8 robusto, comodo e caratteristico.","og_url":"https:\/\/www.casarredo.it\/en\/prodotto\/300-sedia-joe-colombo\/","og_site_name":"Casarredo.it","article_publisher":"https:\/\/www.facebook.com\/Casarredo-632870513490892","article_modified_time":"2026-01-09T11:20:31+00:00","og_image":[{"width":1284,"height":999,"url":"https:\/\/www.casarredo.it\/wp-content\/uploads\/2025\/08\/300.1.jpg","type":"image\/jpeg"}],"twitter_card":"summary_large_image","twitter_misc":{"Est. reading time":"1 minute"},"schema":{"@context":"https:\/\/schema.org","@graph":[{"@type":"WebPage","@id":"https:\/\/www.casarredo.it\/en\/prodotto\/300-sedia-joe-colombo\/","url":"https:\/\/www.casarredo.it\/en\/prodotto\/300-sedia-joe-colombo\/","name":"300 SEDIA JOE COLOMBO &#8212; Casarredo.it","isPartOf":{"@id":"https:\/\/www.casarredo.it\/en\/#website"},"primaryImageOfPage":{"@id":"https:\/\/www.casarredo.it\/en\/prodotto\/300-sedia-joe-colombo\/#primaryimage"},"image":{"@id":"https:\/\/www.casarredo.it\/en\/prodotto\/300-sedia-joe-colombo\/#primaryimage"},"thumbnailUrl":"https:\/\/www.casarredo.it\/wp-content\/uploads\/2025\/08\/300.1.jpg","datePublished":"2025-08-23T09:24:33+00:00","dateModified":"2026-01-09T11:20:31+00:00","description":"300 sedia disegnata da Joe Colombo per Pozzi, , faggio tinto noce , Italia, 1966. Sedia da pranzo aerodinamica . Il fascino di Colombo per la funzionalit\u00e0 lo ha portato a concentrarsi sempre sull'utente, ci\u00f2 ha reso possibile la creazione di questa particolare sedia. Il design \u00e8 robusto, comodo e caratteristico.","breadcrumb":{"@id":"https:\/\/www.casarredo.it\/en\/prodotto\/300-sedia-joe-colombo\/#breadcrumb"},"inLanguage":"en-US","potentialAction":[{"@type":"ReadAction","target":["https:\/\/www.casarredo.it\/en\/prodotto\/300-sedia-joe-colombo\/"]}]},{"@type":"ImageObject","inLanguage":"en-US","@id":"https:\/\/www.casarredo.it\/en\/prodotto\/300-sedia-joe-colombo\/#primaryimage","url":"https:\/\/www.casarredo.it\/wp-content\/uploads\/2025\/08\/300.1.jpg","contentUrl":"https:\/\/www.casarredo.it\/wp-content\/uploads\/2025\/08\/300.1.jpg","width":1284,"height":999},{"@type":"BreadcrumbList","@id":"https:\/\/www.casarredo.it\/en\/prodotto\/300-sedia-joe-colombo\/#breadcrumb","itemListElement":[{"@type":"ListItem","position":1,"name":"Home","item":"https:\/\/www.casarredo.it\/en\/"},{"@type":"ListItem","position":2,"name":"Shop online","item":"https:\/\/www.casarredo.it\/en\/shop\/"},{"@type":"ListItem","position":3,"name":"300 SEDIA JOE COLOMBO"}]},{"@type":"WebSite","@id":"https:\/\/www.casarredo.it\/en\/#website","url":"https:\/\/www.casarredo.it\/en\/","name":"Casarredo.it","description":"Design da vivere","publisher":{"@id":"https:\/\/www.casarredo.it\/en\/#organization"},"potentialAction":[{"@type":"SearchAction","target":{"@type":"EntryPoint","urlTemplate":"https:\/\/www.casarredo.it\/en\/?s={search_term_string}"},"query-input":{"@type":"PropertyValueSpecification","valueRequired":true,"valueName":"search_term_string"}}],"inLanguage":"en-US"},{"@type":"Organization","@id":"https:\/\/www.casarredo.it\/en\/#organization","name":"casarredo srl","url":"https:\/\/www.casarredo.it\/en\/","logo":{"@type":"ImageObject","inLanguage":"en-US","@id":"https:\/\/www.casarredo.it\/en\/#\/schema\/logo\/image\/","url":"https:\/\/www.casarredo.it\/wp-content\/uploads\/2018\/05\/vanity-scaled.jpg","contentUrl":"https:\/\/www.casarredo.it\/wp-content\/uploads\/2018\/05\/vanity-scaled.jpg","width":2560,"height":1848,"caption":"casarredo srl"},"image":{"@id":"https:\/\/www.casarredo.it\/en\/#\/schema\/logo\/image\/"},"sameAs":["https:\/\/www.facebook.com\/Casarredo-632870513490892","https:\/\/www.instagram.com\/casarredo_fano\/"]}]}},"_links":{"self":[{"href":"https:\/\/www.casarredo.it\/en\/wp-json\/wp\/v2\/product\/33249","targetHints":{"allow":["GET"]}}],"collection":[{"href":"https:\/\/www.casarredo.it\/en\/wp-json\/wp\/v2\/product"}],"about":[{"href":"https:\/\/www.casarredo.it\/en\/wp-json\/wp\/v2\/types\/product"}],"wp:featuredmedia":[{"embeddable":true,"href":"https:\/\/www.casarredo.it\/en\/wp-json\/wp\/v2\/media\/33254"}],"wp:attachment":[{"href":"https:\/\/www.casarredo.it\/en\/wp-json\/wp\/v2\/media?parent=33249"}],"wp:term":[{"taxonomy":"product_brand","embeddable":true,"href":"https:\/\/www.casarredo.it\/en\/wp-json\/wp\/v2\/product_brand?post=33249"},{"taxonomy":"product_cat","embeddable":true,"href":"https:\/\/www.casarredo.it\/en\/wp-json\/wp\/v2\/product_cat?post=33249"},{"taxonomy":"product_tag","embeddable":true,"href":"https:\/\/www.casarredo.it\/en\/wp-json\/wp\/v2\/product_tag?post=33249"}],"curies":[{"name":"wp","href":"https:\/\/api.w.org\/{rel}","templated":true}]}}